{"id":817,"date":"2025-03-29T09:52:47","date_gmt":"2025-03-29T09:52:47","guid":{"rendered":"https:\/\/www.bej.or.at\/?page_id=817"},"modified":"2026-03-12T09:30:45","modified_gmt":"2026-03-12T09:30:45","slug":"website-in-bearbeitung","status":"publish","type":"page","link":"https:\/\/www.bej.or.at\/?page_id=817","title":{"rendered":"News"},"content":{"rendered":"\n<hr class=\"wp-block-separator has-alpha-channel-opacity\"\/>\n\n\n<div class=\"wp-block-image\">\n<figure class=\"aligncenter size-full\"><img loading=\"lazy\" decoding=\"async\" width=\"225\" height=\"225\" src=\"https:\/\/www.bej.or.at\/wp-content\/uploads\/2025\/10\/Europaclubs.jpg\" alt=\"\" class=\"wp-image-869\" srcset=\"https:\/\/www.bej.or.at\/wp-content\/uploads\/2025\/10\/Europaclubs.jpg 225w, https:\/\/www.bej.or.at\/wp-content\/uploads\/2025\/10\/Europaclubs-150x150.jpg 150w\" sizes=\"auto, (max-width: 225px) 100vw, 225px\" \/><\/figure>\n<\/div>\n\n\n<figure class=\"wp-block-image size-large\"><img loading=\"lazy\" decoding=\"async\" width=\"1024\" height=\"677\" src=\"https:\/\/www.bej.or.at\/wp-content\/uploads\/2025\/10\/0_Rueckseite-2-1-1024x677.png\" alt=\"\" class=\"wp-image-867\" srcset=\"https:\/\/www.bej.or.at\/wp-content\/uploads\/2025\/10\/0_Rueckseite-2-1-1024x677.png 1024w, https:\/\/www.bej.or.at\/wp-content\/uploads\/2025\/10\/0_Rueckseite-2-1-300x198.png 300w, https:\/\/www.bej.or.at\/wp-content\/uploads\/2025\/10\/0_Rueckseite-2-1-768x508.png 768w, https:\/\/www.bej.or.at\/wp-content\/uploads\/2025\/10\/0_Rueckseite-2-1-1536x1016.png 1536w, https:\/\/www.bej.or.at\/wp-content\/uploads\/2025\/10\/0_Rueckseite-2-1-2048x1354.png 2048w\" sizes=\"auto, (max-width: 767px) 89vw, (max-width: 1000px) 54vw, (max-width: 1071px) 543px, 580px\" \/><\/figure>\n\n\n\n<h2 class=\"wp-block-heading\"><strong>Unser Herbstprogramm ist da:<\/strong><\/h2>\n\n\n\n<p><strong>Kommende Workshops<\/strong> &#8211; jeweils 18 \u2013 19 Uhr \u2013 Online via Zoom<\/p>\n\n\n\n<p>* Mi, 22.10. <strong>Meine Europa-Vision: wie will ich, dass sich Europa entwickelt&nbsp;<\/strong>&#8211; mit Nana Walzer<\/p>\n\n\n\n<p>* Mo, 3.11. <strong>Desinformation als Gefahr f\u00fcr die Demokratie<\/strong> &#8211; mit Dietmar Pichler<\/p>\n\n\n\n<p>* Mo, 10.11. <strong>Meine Europa-Mission: wie kann ich Europa gestalten&nbsp;<\/strong>&#8211; mit Nana Walzer<\/p>\n\n\n\n<p>* Di, 18.11. <strong>Im Halbrund der Macht &#8211; Wie das Europ\u00e4ische Parlament Europa pr\u00e4gt<\/strong> &#8211; mit Lura Juniku<\/p>\n\n\n\n<p>* Mi, 26.11. <strong>Wie wir auf Social Media manipuliert werden<\/strong> &#8211; mit Dietmar Pichler<\/p>\n\n\n\n<p>* Di, 9.12. <strong>Meine Europa-Kampagne: wem will ich was wie \u00fcber Europa kommunizieren<\/strong> &#8211; mit Nana Walzer<\/p>\n\n\n\n<p>* Mo, 15.12. <strong>R\u00e4te entwirren, Europa verstehen \u2014 Ein Abend f\u00fcr Klarheit<\/strong> &#8211; mit Lura Juniku<\/p>\n\n\n\n<p>Anmeldung unter: <a href=\"mailto:office@bej.or.at\">office@bej.or.at<\/a><\/p>\n\n\n\n<p>Nach der Anmeldung wird dir der Zoom-Link zugeschickt.<\/p>\n\n\n\n<p><\/p>\n\n\n\n<p><strong>Mehr Infos zu den EuropaClubs<\/strong> &#8211; Was ist das? Wie kann ich selber einen gr\u00fcnden? etc. &#8211; findet du <a href=\"https:\/\/www.bej.or.at\/?page_id=859\" data-type=\"page\" data-id=\"859\">hier<\/a>.<\/p>\n\n\n\n<hr class=\"wp-block-separator has-alpha-channel-opacity\"\/>\n\n\n\n<h2 class=\"wp-block-heading\">Was sonst so bei uns los ist, erf\u00e4hrst du auf unseren Social Media Kan\u00e4len:<\/h2>\n\n\n\n<div class=\"wp-block-group is-layout-grid wp-container-core-group-is-layout-b6bd488e wp-block-group-is-layout-grid\">\n<figure class=\"wp-block-image size-thumbnail\"><a href=\"https:\/\/www.tiktok.com\/@bej.at\" target=\"_blank\" rel=\" noreferrer noopener\"><img loading=\"lazy\" decoding=\"async\" width=\"150\" height=\"150\" src=\"https:\/\/www.bej.or.at\/wp-content\/uploads\/2025\/10\/TikTok-150x150.jpg\" alt=\"\" class=\"wp-image-852\" srcset=\"https:\/\/www.bej.or.at\/wp-content\/uploads\/2025\/10\/TikTok-150x150.jpg 150w, https:\/\/www.bej.or.at\/wp-content\/uploads\/2025\/10\/TikTok.jpg 242w\" sizes=\"auto, (max-width: 150px) 100vw, 150px\" \/><\/a><\/figure>\n\n\n\n<figure class=\"wp-block-image size-thumbnail\"><a href=\"https:\/\/www.instagram.com\/bej_austria\/\" target=\"_blank\" rel=\" noreferrer noopener\"><img loading=\"lazy\" decoding=\"async\" width=\"150\" height=\"150\" src=\"https:\/\/www.bej.or.at\/wp-content\/uploads\/2025\/10\/instagram-150x150.jpg\" alt=\"\" class=\"wp-image-850\" srcset=\"https:\/\/www.bej.or.at\/wp-content\/uploads\/2025\/10\/instagram-150x150.jpg 150w, https:\/\/www.bej.or.at\/wp-content\/uploads\/2025\/10\/instagram-298x300.jpg 298w, https:\/\/www.bej.or.at\/wp-content\/uploads\/2025\/10\/instagram.jpg 518w\" sizes=\"auto, (max-width: 150px) 100vw, 150px\" \/><\/a><\/figure>\n\n\n\n<figure class=\"wp-block-image size-thumbnail\"><a href=\"https:\/\/www.linkedin.com\/company\/93814541\" target=\"_blank\" rel=\" noreferrer noopener\"><img loading=\"lazy\" decoding=\"async\" width=\"150\" height=\"150\" src=\"https:\/\/www.bej.or.at\/wp-content\/uploads\/2025\/10\/LinkedIn-150x150.png\" alt=\"\" class=\"wp-image-849\" srcset=\"https:\/\/www.bej.or.at\/wp-content\/uploads\/2025\/10\/LinkedIn-150x150.png 150w, https:\/\/www.bej.or.at\/wp-content\/uploads\/2025\/10\/LinkedIn-300x300.png 300w, https:\/\/www.bej.or.at\/wp-content\/uploads\/2025\/10\/LinkedIn-768x768.png 768w, https:\/\/www.bej.or.at\/wp-content\/uploads\/2025\/10\/LinkedIn.png 1024w\" sizes=\"auto, (max-width: 150px) 100vw, 150px\" \/><\/a><\/figure>\n\n\n\n<figure class=\"wp-block-image size-full\"><a href=\"https:\/\/www.facebook.com\/bej.austria\" target=\"_blank\" rel=\" noreferrer noopener\"><img loading=\"lazy\" decoding=\"async\" width=\"960\" height=\"960\" src=\"http:\/\/www.bej.or.at\/wp-content\/uploads\/2025\/10\/Facebook.png\" alt=\"\" class=\"wp-image-851\" srcset=\"https:\/\/www.bej.or.at\/wp-content\/uploads\/2025\/10\/Facebook.png 960w, https:\/\/www.bej.or.at\/wp-content\/uploads\/2025\/10\/Facebook-300x300.png 300w, https:\/\/www.bej.or.at\/wp-content\/uploads\/2025\/10\/Facebook-150x150.png 150w, https:\/\/www.bej.or.at\/wp-content\/uploads\/2025\/10\/Facebook-768x768.png 768w\" sizes=\"auto, (max-width: 767px) 89vw, (max-width: 1000px) 54vw, (max-width: 1071px) 543px, 580px\" \/><\/a><\/figure>\n\n\n\n<figure class=\"wp-block-image size-large\"><a href=\"https:\/\/x.com\/BEJ_at\" target=\"_blank\" rel=\" noreferrer noopener\"><img loading=\"lazy\" decoding=\"async\" width=\"1024\" height=\"1024\" src=\"http:\/\/www.bej.or.at\/wp-content\/uploads\/2025\/10\/X_logo-1024x1024.jpg\" alt=\"\" class=\"wp-image-853\" srcset=\"https:\/\/www.bej.or.at\/wp-content\/uploads\/2025\/10\/X_logo-1024x1024.jpg 1024w, https:\/\/www.bej.or.at\/wp-content\/uploads\/2025\/10\/X_logo-300x300.jpg 300w, https:\/\/www.bej.or.at\/wp-content\/uploads\/2025\/10\/X_logo-150x150.jpg 150w, https:\/\/www.bej.or.at\/wp-content\/uploads\/2025\/10\/X_logo-768x768.jpg 768w, https:\/\/www.bej.or.at\/wp-content\/uploads\/2025\/10\/X_logo-1536x1536.jpg 1536w, https:\/\/www.bej.or.at\/wp-content\/uploads\/2025\/10\/X_logo.jpg 1600w\" sizes=\"auto, (max-width: 767px) 89vw, (max-width: 1000px) 54vw, (max-width: 1071px) 543px, 580px\" \/><\/a><\/figure>\n\n\n\n<figure class=\"wp-block-image size-full\"><a href=\"https:\/\/bsky.app\/profile\/bej-at.bsky.social\" target=\"_blank\" rel=\" noreferrer noopener\"><img loading=\"lazy\" decoding=\"async\" width=\"297\" height=\"297\" src=\"http:\/\/www.bej.or.at\/wp-content\/uploads\/2025\/10\/bluesky.jpg\" alt=\"\" class=\"wp-image-848\" srcset=\"https:\/\/www.bej.or.at\/wp-content\/uploads\/2025\/10\/bluesky.jpg 297w, https:\/\/www.bej.or.at\/wp-content\/uploads\/2025\/10\/bluesky-150x150.jpg 150w\" sizes=\"auto, (max-width: 297px) 100vw, 297px\" \/><\/a><\/figure>\n<\/div>\n\n\n\n<hr class=\"wp-block-separator has-alpha-channel-opacity\"\/>\n\n\n\n<p>Die gemeinn\u00fctzige Arbeit des BEJ wird gem\u00e4\u00df Bundesjugendf\u00f6rderungsgesetz vom Bundeskanzleramt unterst\u00fctzt.<\/p>\n\n\n\n<figure class=\"wp-block-image size-medium\"><img loading=\"lazy\" decoding=\"async\" width=\"300\" height=\"26\" src=\"https:\/\/www.bej.or.at\/wp-content\/uploads\/2025\/10\/2560px-Bundeskanzleramt_AT_Logo.svg_-300x26.png\" alt=\"Logo des Bundeskanzleramts\" class=\"wp-image-837\" srcset=\"https:\/\/www.bej.or.at\/wp-content\/uploads\/2025\/10\/2560px-Bundeskanzleramt_AT_Logo.svg_-300x26.png 300w, https:\/\/www.bej.or.at\/wp-content\/uploads\/2025\/10\/2560px-Bundeskanzleramt_AT_Logo.svg_-1024x88.png 1024w, https:\/\/www.bej.or.at\/wp-content\/uploads\/2025\/10\/2560px-Bundeskanzleramt_AT_Logo.svg_-768x66.png 768w, https:\/\/www.bej.or.at\/wp-content\/uploads\/2025\/10\/2560px-Bundeskanzleramt_AT_Logo.svg_-1536x132.png 1536w, https:\/\/www.bej.or.at\/wp-content\/uploads\/2025\/10\/2560px-Bundeskanzleramt_AT_Logo.svg_-2048x176.png 2048w\" sizes=\"auto, (max-width: 300px) 100vw, 300px\" \/><\/figure>\n\n\n\n<p><\/p>\n","protected":false},"excerpt":{"rendered":"<p>Unser Herbstprogramm ist da: Kommende Workshops &#8211; jeweils 18 \u2013 19 Uhr \u2013 Online via Zoom * Mi, 22.10. Meine Europa-Vision: wie will ich, dass sich Europa entwickelt&nbsp;&#8211; mit Nana Walzer * Mo, 3.11. Desinformation als Gefahr f\u00fcr die Demokratie &#8211; mit Dietmar Pichler * Mo, 10.11. Meine Europa-Mission: wie kann ich Europa gestalten&nbsp;&#8211; mit &hellip; <\/p>\n<p class=\"link-more\"><a href=\"https:\/\/www.bej.or.at\/?page_id=817\" class=\"more-link\"><span class=\"screen-reader-text\">\u201eNews\u201c <\/span>weiterlesen<\/a><\/p>\n","protected":false},"author":1,"featured_media":0,"parent":0,"menu_order":0,"comment_status":"closed","ping_status":"closed","template":"","meta":{"footnotes":""},"class_list":["post-817","page","type-page","status-publish","hentry"],"_links":{"self":[{"href":"https:\/\/www.bej.or.at\/index.php?rest_route=\/wp\/v2\/pages\/817","targetHints":{"allow":["GET"]}}],"collection":[{"href":"https:\/\/www.bej.or.at\/index.php?rest_route=\/wp\/v2\/pages"}],"about":[{"href":"https:\/\/www.bej.or.at\/index.php?rest_route=\/wp\/v2\/types\/page"}],"author":[{"embeddable":true,"href":"https:\/\/www.bej.or.at\/index.php?rest_route=\/wp\/v2\/users\/1"}],"replies":[{"embeddable":true,"href":"https:\/\/www.bej.or.at\/index.php?rest_route=%2Fwp%2Fv2%2Fcomments&post=817"}],"version-history":[{"count":17,"href":"https:\/\/www.bej.or.at\/index.php?rest_route=\/wp\/v2\/pages\/817\/revisions"}],"predecessor-version":[{"id":907,"href":"https:\/\/www.bej.or.at\/index.php?rest_route=\/wp\/v2\/pages\/817\/revisions\/907"}],"wp:attachment":[{"href":"https:\/\/www.bej.or.at\/index.php?rest_route=%2Fwp%2Fv2%2Fmedia&parent=817"}],"curies":[{"name":"wp","href":"https:\/\/api.w.org\/{rel}","templated":true}]}}